{"id":914,"date":"2020-09-09T03:56:53","date_gmt":"2020-09-09T01:56:53","guid":{"rendered":"http:\/\/federqua.it\/?page_id=914"},"modified":"2022-06-27T10:28:53","modified_gmt":"2022-06-27T08:28:53","slug":"fotografo-feste-compleanno-napoli","status":"publish","type":"page","link":"https:\/\/federqua.it\/es\/fotografo-feste-compleanno-napoli\/","title":{"rendered":"El fot\u00f3grafo de cumplea\u00f1os en N\u00e1poles y su provincia"},"content":{"rendered":"<p>Se acerca tu fiesta y necesitas un fot\u00f3grafo fiable y con experiencia: ya sea un <a href=\"http:\/\/federqua.it\/es\/fotografo-18-anni-napoli-festa-diciottesimo-eventi\/\">decimoctavo<\/a>, Ya sea un cumplea\u00f1os n\u00famero cuarenta o setenta, lo que importa es <strong>Recuerda tus emociones para siempre.<\/strong>. Y estoy aqu\u00ed para darles el <strong>las mejores fotograf\u00edas<\/strong> para su evento.<\/p>\n\n\n\n<figure class=\"wp-block-image size-large\"><img loading=\"lazy\" decoding=\"async\" width=\"1024\" height=\"683\" src=\"http:\/\/federqua.it\/wp-content\/uploads\/2018\/11\/20232901_1417239905023514_1829453120617983757_o-1024x683.jpg\" alt=\"Cristiana +18 Licola fotografo compleanno \" class=\"wp-image-29\" srcset=\"https:\/\/federqua.it\/wp-content\/uploads\/2018\/11\/20232901_1417239905023514_1829453120617983757_o-1024x683.jpg 1024w, https:\/\/federqua.it\/wp-content\/uploads\/2018\/11\/20232901_1417239905023514_1829453120617983757_o-300x200.jpg 300w, https:\/\/federqua.it\/wp-content\/uploads\/2018\/11\/20232901_1417239905023514_1829453120617983757_o-768x512.jpg 768w, https:\/\/federqua.it\/wp-content\/uploads\/2018\/11\/20232901_1417239905023514_1829453120617983757_o-705x470.jpg 705w, https:\/\/federqua.it\/wp-content\/uploads\/2018\/11\/20232901_1417239905023514_1829453120617983757_o.jpg 1368w\" sizes=\"auto, (max-width: 1024px) 100vw, 1024px\" \/><\/figure>\n\n\n\n<p>Mi estilo fotogr\u00e1fico es<strong> elegante y discreto,<\/strong> vot\u00f3 por <strong>reportaje<\/strong>: Los amo <strong>disparos robados<\/strong>, esos momentos irrepetibles, una mano rozada o una mirada inesperada.<strong> La fiesta es una historia <\/strong>que debe transmitirse mediante fotograf\u00edas. Cada detalle es fundamental y debe expresarse con colores sencillos y delicados: por esta raz\u00f3n tambi\u00e9n soy muy cuidadoso al fotografiar el<strong> Distribuci\u00f3n de las habitaciones. <\/strong><\/p>\n\n\n\n<p>Al mismo tiempo, no hay que perder el <strong>espontaneidad<\/strong>. Acompa\u00f1o discretamente al cumplea\u00f1ero o cumplea\u00f1era, sin interrumpir ni molestar a los invitados con fotograf\u00edas innecesarias. En fiestas con muchos invitados, me acompa\u00f1a un asistente. <\/p>\n\n\n\n<p>Tengo 10 a\u00f1os de experiencia en celebraciones privadas en diversos lugares de N\u00e1poles y la provincia. He adquirido una amplia experiencia profesional en toda Italia como fot\u00f3grafo privado. <strong>figuras p\u00fablicas <\/strong>y agencias de comunicaci\u00f3n pol\u00edtica.<\/p>\n\n\n\n<p>Yo era el fot\u00f3grafo personal de <strong>Jos\u00e9 Conte<\/strong>, del <a href=\"http:\/\/federqua.it\/es\/2021\/09\/12\/come-ho-fotografato-il-presidente-della-repubblica-al-rione-terra\/\">Presidente de la Rep\u00fablica Sergio Mattarella<\/a> y de los mejores protagonistas de Italia. <\/p>\n\n\n\n<p>Cont\u00e1ctame para un <strong>Presupuesto sin compromiso<\/strong>!<\/p>\n\n\n\n<div class=\"wp-block-jetpack-send-a-message\">\n<div class=\"wp-block-jetpack-whatsapp-button is-color-dark\"><a class=\"whatsapp-block__button\" href=\"https:\/\/api.whatsapp.com\/send?phone=393331811687&amp;text=Salve%2C%20vorrei%20informazioni%20per%20una%20festa\" style=\"background-color:#25D366;color:#fff\" target=\"_self\" rel=\"noopener noreferrer\">Chatear en WhatsApp<\/a><\/div>\n<\/div>\n\n\n\n<figure class=\"wp-block-image size-large\"><img loading=\"lazy\" decoding=\"async\" width=\"1024\" height=\"683\" src=\"http:\/\/federqua.it\/wp-content\/uploads\/2020\/09\/DSCF9390-1024x683.jpg\" alt=\"\" class=\"wp-image-934\" srcset=\"https:\/\/federqua.it\/wp-content\/uploads\/2020\/09\/DSCF9390-1024x683.jpg 1024w, https:\/\/federqua.it\/wp-content\/uploads\/2020\/09\/DSCF9390-300x200.jpg 300w\" sizes=\"auto, (max-width: 1024px) 100vw, 1024px\" \/><\/figure>\n\n\n\n<h2 class=\"has-text-align-center wp-block-heading\">Lo que te ofrezco: <\/h2>\n\n\n\n<h2 class=\"wp-block-heading\"><strong>Paquete de fiesta<\/strong><\/h2>\n\n\n\n<ul class=\"wp-block-list\"><li>Disparos ilimitados<\/li><li>Sesi\u00f3n de fotos antes de la velada<\/li><li>Postproducci\u00f3n y selecci\u00f3n<\/li><li>Entrega digital en&nbsp;<strong>tres d\u00edas<\/strong><\/li><\/ul>\n\n\n\n<p><strong>Paquete \u201cInstax\u201d (<em>\u00a1El m\u00e1s solicitado!<\/em>)<\/strong><\/p>\n\n\n\n<ul class=\"wp-block-list\"><li>Todos los servicios del paquete de fiesta<\/li><li>Polaroids instant\u00e1neas para regalar a los invitados<\/li><li><strong>No se requieren suplementos,<\/strong>&nbsp;Los cartuchos se compran por separado.<\/li><\/ul>\n\n\n\n<p><strong>Paquete de fotolibro<\/strong><\/p>\n\n\n\n<ul class=\"wp-block-list\"><li>Todos los servicios del paquete de fiesta<\/li><li>Libro de fotograf\u00eda de alta calidad con fotograf\u00edas elegidas junto con el cliente.&nbsp;<a href=\"http:\/\/federqua.it\/es\/2020\/01\/26\/fotolibro-saal-digital-prova-federqua-polonia\/\">Un ejemplo en este enlace.<\/a><\/li><\/ul>\n\n\n\n<div class=\"wp-block-jetpack-send-a-message\">\n<div class=\"wp-block-jetpack-whatsapp-button is-color-dark\"><a class=\"whatsapp-block__button\" href=\"https:\/\/api.whatsapp.com\/send?phone=393331811687&amp;text=Salve%2C%20vorrei%20informazioni%20per%20una%20festa\" style=\"background-color:#25D366;color:#fff\" target=\"_self\" rel=\"noopener noreferrer\">Chatear en WhatsApp<\/a><\/div>\n<\/div>\n\n\n\n<figure class=\"wp-block-image size-large\"><img loading=\"lazy\" decoding=\"async\" width=\"1024\" height=\"681\" src=\"http:\/\/federqua.it\/wp-content\/uploads\/2021\/09\/Schermata-2021-09-12-alle-01.58.58-1024x681.jpg\" alt=\"\" class=\"wp-image-1158\" srcset=\"https:\/\/federqua.it\/wp-content\/uploads\/2021\/09\/Schermata-2021-09-12-alle-01.58.58-1024x681.jpg 1024w, https:\/\/federqua.it\/wp-content\/uploads\/2021\/09\/Schermata-2021-09-12-alle-01.58.58-300x199.jpg 300w, https:\/\/federqua.it\/wp-content\/uploads\/2021\/09\/Schermata-2021-09-12-alle-01.58.58-768x511.jpg 768w, https:\/\/federqua.it\/wp-content\/uploads\/2021\/09\/Schermata-2021-09-12-alle-01.58.58-1536x1021.jpg 1536w, https:\/\/federqua.it\/wp-content\/uploads\/2021\/09\/Schermata-2021-09-12-alle-01.58.58-2048x1362.jpg 2048w\" sizes=\"auto, (max-width: 1024px) 100vw, 1024px\" \/><\/figure>\n\n\n\n<h2 class=\"wp-block-heading\">\u00a1El resultado es una hermosa fotograf\u00eda!<\/h2>\n\n\n\n<p>En mi trabajo existen reglas fundamentales: amabilidad, disponibilidad y cortes\u00eda. <strong>Siempre muestro las fotograf\u00edas<\/strong> Despu\u00e9s de tomar las asignaturas: \u00a1podemos repetirlas cuantas veces quieras!<\/p>\n\n\n\n<figure class=\"wp-block-image size-large\"><img loading=\"lazy\" decoding=\"async\" width=\"1024\" height=\"679\" src=\"http:\/\/federqua.it\/wp-content\/uploads\/2018\/12\/Schermata-2020-02-13-alle-22.04.05-1-1024x679.jpg\" alt=\"Festa di 18 anni Napoli\" class=\"wp-image-759\" srcset=\"https:\/\/federqua.it\/wp-content\/uploads\/2018\/12\/Schermata-2020-02-13-alle-22.04.05-1-1024x679.jpg 1024w, https:\/\/federqua.it\/wp-content\/uploads\/2018\/12\/Schermata-2020-02-13-alle-22.04.05-1-300x199.jpg 300w, https:\/\/federqua.it\/wp-content\/uploads\/2018\/12\/Schermata-2020-02-13-alle-22.04.05-1-768x509.jpg 768w, https:\/\/federqua.it\/wp-content\/uploads\/2018\/12\/Schermata-2020-02-13-alle-22.04.05-1-1536x1018.jpg 1536w, https:\/\/federqua.it\/wp-content\/uploads\/2018\/12\/Schermata-2020-02-13-alle-22.04.05-1-2048x1358.jpg 2048w\" sizes=\"auto, (max-width: 1024px) 100vw, 1024px\" \/><\/figure>\n\n\n\n<h2 class=\"wp-block-heading\">\u00bfPrefieres comunicarte por correo electr\u00f3nico?<\/h2>\n\n\n\n<p>\u00a1Rellena el formulario y te responderemos en un plazo de un d\u00eda h\u00e1bil!<\/p>\n\n\n\n<div class=\"wp-block-jetpack-contact-form\">\n\n\n\n\n\n<\/div>","protected":false},"excerpt":{"rendered":"<p>Sta per arrivare la tua festa e hai bisogno di un fotografo affidabile ed esperto: che sia un diciottesimo, un quarantesimo o un settantesimo compleanno, ci\u00f2 che conta \u00e8 ricordare per sempre le tue emozioni. Ed io sono qui per darti le migliori fotografie per il tuo evento. Il mio [&hellip;]<\/p>\n","protected":false},"author":3,"featured_media":936,"parent":0,"menu_order":0,"comment_status":"closed","ping_status":"closed","template":"","meta":{"_eb_attr":"","_themeisle_gutenberg_block_has_review":false,"footnotes":""},"class_list":["post-914","page","type-page","status-publish","has-post-thumbnail","hentry"],"_links":{"self":[{"href":"https:\/\/federqua.it\/es\/wp-json\/wp\/v2\/pages\/914","targetHints":{"allow":["GET"]}}],"collection":[{"href":"https:\/\/federqua.it\/es\/wp-json\/wp\/v2\/pages"}],"about":[{"href":"https:\/\/federqua.it\/es\/wp-json\/wp\/v2\/types\/page"}],"author":[{"embeddable":true,"href":"https:\/\/federqua.it\/es\/wp-json\/wp\/v2\/users\/3"}],"replies":[{"embeddable":true,"href":"https:\/\/federqua.it\/es\/wp-json\/wp\/v2\/comments?post=914"}],"version-history":[{"count":3,"href":"https:\/\/federqua.it\/es\/wp-json\/wp\/v2\/pages\/914\/revisions"}],"predecessor-version":[{"id":2038,"href":"https:\/\/federqua.it\/es\/wp-json\/wp\/v2\/pages\/914\/revisions\/2038"}],"wp:featuredmedia":[{"embeddable":true,"href":"https:\/\/federqua.it\/es\/wp-json\/wp\/v2\/media\/936"}],"wp:attachment":[{"href":"https:\/\/federqua.it\/es\/wp-json\/wp\/v2\/media?parent=914"}],"curies":[{"name":"wp","href":"https:\/\/api.w.org\/{rel}","templated":true}]}}